{"id":256,"date":"2023-02-14T15:49:25","date_gmt":"2023-02-14T15:49:25","guid":{"rendered":"https:\/\/projectesachsenhausen.amical-mauthausen.org\/testimonis\/joan-mestres-rebull\/"},"modified":"2023-02-14T16:07:17","modified_gmt":"2023-02-14T16:07:17","slug":"joan-mestres-rebull","status":"publish","type":"testimonis","link":"https:\/\/projectesachsenhausen.amical-mauthausen.org\/es\/testimonis\/joan-mestres-rebull\/","title":{"rendered":"Joan Mestres Rebull"},"content":{"rendered":"<p>Joan naci\u00f3 en El Molar (Tarragona) el 29 de septiembre de 1911.<\/p>\n<p>Combati\u00f3 en la Guerra de Espa\u00f1a y fue oficial del ej\u00e9rcito. Con la ca\u00edda de la Rep\u00fablica sigui\u00f3 el camino de la mayor\u00eda de los soldados: el paso a Francia, los campos roselloneses, Argelers i Agde, i las Compa\u00f1\u00edas de Trabajadores Extranjeros CTE. Fue destinado cerca de Par\u00eds pero con el avance del ej\u00e9rcito alem\u00e1n logr\u00f3 evadirse y pasar a la zona libre. Meses despu\u00e9s le obligaron a alistarse a un Grupo de Trabajadores Extranjeros GTE y fue enviado a trabajar a la construcci\u00f3n de una base submarina en Burdeos. De nuevo logr\u00f3 escaparse y pasar a la clandestinidad incorpor\u00e1ndose a la Resistencia. Hizo de enlace de los n\u00facleos formados en la Caserna Niel y a Saint Medard, con la misi\u00f3n de facilitar fugas y encaminar a los hombres hacia el sur, tambi\u00e9n la de conseguir suministros, entre otras.<\/p>\n<p>Detenido a finales de 1942, fue encerrado en el Fort du H\u00e0 de Burdeos. El 24 de enero de 1943 fue trasladado a Compi\u00eagne, y dos d\u00edas despu\u00e9s deportado al campo de Sachenhausen, donde recibi\u00f3 la matr\u00edcula 58537.<\/p>\n<p>Durante la cuarentena se vio obligado a caminar continuamente en c\u00edrculo para probar la resistencia de los zapatos. Destinado al comando Heinkel, mantuvo contactos con los brigadistas y otros espa\u00f1oles, incluso organizaron peque\u00f1as acciones de resistencia, como la celebraci\u00f3n del 14 de abril, y de sabotaje. En los \u00faltimos meses la situaci\u00f3n se hizo insoportable, con los bombardeos aliados y la llegada de los evacuados de Auschwitz, y la formaci\u00f3n de las \u201cmarchas de la muerte\u201d de las que peque\u00f1os grupos se fueron escapando desde el 4 de mayo, con el ej\u00e9rcito alem\u00e1n acorralado por los rusos y los ingleses. Escondido en un pajar hasta el d\u00eda 8, fue coincidiendo con otros grupos de republicanos hasta que fue evacuado en avi\u00f3n el 10 de junio, hasta llegar a Le Bourget y el Hotel Lutetia en Par\u00eds.<\/p>\n<p>Despu\u00e9s de ser liberado se instal\u00f3 en Francia y sigui\u00f3 luchando desde su partido, el PSUC. El partido le envi\u00f3 a Espa\u00f1a el a\u00f1o 1957, con documentaci\u00f3n falsa, para realizar labores organizativas, durante las cuales conoci\u00f3 a Dolors Roda, tambi\u00e9n militante y que ser\u00eda su compa\u00f1era durante el resto de su vida. La clandestinidad les oblig\u00f3 a cambiar continuamente de domicilio hasta que tuvieron que huir de nuevo a Francia para evitar su detenci\u00f3n.<\/p>\n<p>Instalados cerca de Par\u00eds, en unas peque\u00f1as habitaciones antes ocupadas por el camarada Felipe Noguerol, Mestres trabaj\u00f3 de barbero y Dolors de asistenta, mientras se reun\u00edan con gente del partido (Ardiaca, L\u00f3pez Raimundo, Rom\u00e1n). A principios de la d\u00e9cada de los 60, por su conocimiento del franc\u00e9s y el espa\u00f1ol, fue escogido secretario de la regi\u00f3n del sud de Francia del Sindicato Agr\u00edcola de la CGT, con la misi\u00f3n de recorrer los pueblos para concienciar a los temporeros espa\u00f1oles de sus derechos laborales, ayudarles en sus acciones reivindicativas y tambi\u00e9n hacer propaganda de las recientemente fundadas CCOO. Tambi\u00e9n escrib\u00eda en el diario La Tribune, de la CGT, i a Le Peuple.<\/p>\n<p>Hasta la muerte de Franco la pareja no regres\u00f3 a Catalunya y el a\u00f1o 1977 se instalaron en Sant Boi de Llobregat, donde iniciaron una nueva etapa de su militancia. El c\u00edrculo donde encontraron un ambiente m\u00e1s solidario y amistoso fue la Amical de Mauthausen y otros campos, acabada de legalizar y en la cual coincidieron con gente de su edad y trayectoria similar. Mestres, buen conocedor de las entidades de ex-deportados por su amistad con \u00c9mile Valley en Francia, ocup\u00f3 la presidencia de la Amical desde 1978 hasta su muerte el a\u00f1o 1994.<\/p>\n<p>Fuentes: C\u00e8lia Ca\u00f1ellas i Rosa Toran, Entrevista a Dolors Roda, 3-7-2010.<br \/>\nJoan Mestres Rebull, <em>Exposici\u00f3n escrita<\/em> (1985), Amical de Mauthausen y otros campos<\/p>\n","protected":false},"featured_media":0,"template":"","class_list":["post-256","testimonis","type-testimonis","status-publish","hentry"],"acf":[],"_links":{"self":[{"href":"https:\/\/projectesachsenhausen.amical-mauthausen.org\/es\/wp-json\/wp\/v2\/testimonis\/256","targetHints":{"allow":["GET"]}}],"collection":[{"href":"https:\/\/projectesachsenhausen.amical-mauthausen.org\/es\/wp-json\/wp\/v2\/testimonis"}],"about":[{"href":"https:\/\/projectesachsenhausen.amical-mauthausen.org\/es\/wp-json\/wp\/v2\/types\/testimonis"}],"wp:attachment":[{"href":"https:\/\/projectesachsenhausen.amical-mauthausen.org\/es\/wp-json\/wp\/v2\/media?parent=256"}],"curies":[{"name":"wp","href":"https:\/\/api.w.org\/{rel}","templated":true}]}}