{"id":265,"date":"2023-03-20T16:12:19","date_gmt":"2023-03-20T16:12:19","guid":{"rendered":"https:\/\/projectesachsenhausen.amical-mauthausen.org\/?post_type=testimonis&#038;p=265"},"modified":"2026-03-02T07:24:53","modified_gmt":"2026-03-02T07:24:53","slug":"francisco-largo-caballero","status":"publish","type":"testimonis","link":"https:\/\/projectesachsenhausen.amical-mauthausen.org\/es\/testimonis\/francisco-largo-caballero\/","title":{"rendered":"Francisco Largo Caballero"},"content":{"rendered":"<p>Madrid, 15 de octubre de 1869 \u2013 Par\u00eds, 23 de marzo de 1946<\/p>\n<p>Dirigente socialista y presidente del Consejo de Ministros de la II Rep\u00fablica (1936-1937). Exiliado en Francia y deportado a Orianenburg-Saschenhausen el 31 de julio de 1944, con matr\u00edcula 69040. Despu\u00e9s de la liberaci\u00f3n y tras una breve estancia en Mosc\u00fa, se instal\u00f3 en Par\u00eds, donde muri\u00f3. Fue enterrado en el cementerio P\u00e8re Lachaise y sus restos no pudieron ser repatriados a Espa\u00f1a hasta el mes de abril de 1978.<\/p>\n<p><strong>Largo Caballero en Saschenhausen<\/strong><\/p>\n<p>Art\u00edculo publicado en el Bolet\u00edn Nunca M\u00e1s de la Amical de Mauthausen y otros campos y de todas las v\u00edctimas del nazismo de Espa\u00f1a. N\u00fam. 54 de abril del 2017.<\/p>\n<p><em>Dado su inter\u00e8s reproducimos \u2013gracias a la deferencia de la Amical de Saschenhausen- el testimonio de Jos\u00e9 Carabasa (deportado con matr\u00edcula 58530), entorno a su internamiento en el campo de Saschenhausen y su relaci\u00f3n con el tambi\u00e9n deportado Francisco Largo Caballero (traducido de Souvenons-nous. Oranienburg-Saschenhausen, n\u00fam. 220. Diciembre 2016):<\/em><\/p>\n<p><em>Largo Caballero lleg\u00f3 al campo de concentraci\u00f3n de Oranienburg-Saschenhausen en un convoy del mes de abril de 1944 y recibi\u00f3 la matr\u00edcula 64400. Como todos, pas\u00f3 por la desinfecci\u00f3n y la ducha y acabo en manos del barbero para un rapado integral.<\/em><\/p>\n<p><em>El peluquero era espa\u00f1ol y su nombre era Bernat Garc\u00eda. Hab\u00eda vivido en Badalona y fue el primero en entrar en contacto con Largo Caballero. En seguida se pas\u00f3 la not\u00edcia al Vorarbeiter responsable de la desinfecci\u00f3n, que hab\u00eda combatido en la guerra de Espa\u00f1a con las Brigadas Internacionales. Conoc\u00eda pues a Largo Caballero, que era el Presidente del Gobierno y Ministro de Guerra el 1937. Gracias a que ten\u00eda relaciones internas lo envi\u00f3 al Revier (enfermer\u00eda) para evitar que lo alojaran en un barrac\u00f3n ordinario.<\/em><\/p>\n<p><em>Desde su llegada al Revier fue puesto en manos de doctores (internos) de tendencia socialista, que se ocuparon de \u00e9l y lo protegieron hasta el final. Al tener autoridad en los barracones, aunque no estaba enfermo, lo camuflaron para que no tuviera que suportar la vida tan dura de los otros deportados.<\/em><\/p>\n<p><em>Mi trabajo en la cocina me permit\u00eda circular por el campo y lo aprovechaba para visitar los compa\u00f1eros hospitalizados en el Revier. As\u00ed les pod\u00eda proporcionar, de vez en cuando, un poco de alimento (sopa y pan) como muestra de solidaridad.<\/em><\/p>\n<p><em>Fue durante una de estas visites que me encontr\u00e9 con Largo Caballero. Al ver mi vestido de cocinero y como primer contacto me dijo: \u201cLa sopa de hoy era muy buena pero l\u00e1stima que no hab\u00eda mucha\u201d. Era una manera de expresar que cuando una persona tiene hambre todo lo encuentra bueno. De hecho aquella sopa solo estaba hecha con hierbas, coles y algunas patatas hervidas en agua y un podo de harina.<\/em><\/p>\n<p><em>Despu\u00e9s durante otra visita, mientras est\u00e1bamos hablando sentados en un banco cerca de la enfermer\u00eda y despu\u00e9s de haber repasado los hechos de la guerra de Espa\u00f1a, me permit\u00ed hacerle una pregunta, no como cr\u00edtica sino sobre todo como un estudio de la sociedad:<\/em><\/p>\n<p><em>\u201cDon Francisco si, cuando usted era ministro y yo, Jos\u00e9 Carabasa, combatiente en el frente de Arag\u00f3n, os hubiera enviado una carta directamente, habr\u00edais dicho seguramente \u00bfQui\u00e9n es este personaje que se permite escribirme? Me habr\u00edan castigado con un mes de arresto. Hoy, ya lo veis, estamos los dos juntos pero usted en un lado y yo, sin t\u00edtulo, en el lado donde os puedo salvar, o al menos mejorar la moral del est\u00f3mago. Me respondi\u00f3 que ten\u00eda raz\u00f3n pero que la Sociedad es como es\u201d.<\/em><\/p>\n<p><em>La solidaridad se ejerc\u00eda en todos los \u00f3rdenes y no solo en el Revier. Un d\u00eda, des de un barrac\u00f3n nos hicieron saber de la llegada de un nuevo camarada espa\u00f1ol, me di prisa para darme a conocer. Qued\u00e9 impresionado por su delgadez y supe que llegaba de Francia y que hab\u00eda combatido en el maquis del Vercors. Le promet\u00ed que lo volver\u00eda a ver i de regreso a la cocina lo expliqu\u00e9 a nuestro camarada Fredo Rey, nacido en Grenoble, que qued\u00f3 impresionado por la noticia. Decidimos ayudar al reci\u00e9n llegado con todos los medios de que dispon\u00edamos: sopa, pan, etc. Poco tiempo despu\u00e9s Fredo recibi\u00f3 un paquete de Francia y, escuchando solo a su coraz\u00f3n, lo ofreci\u00f3 a nuestro protegido. Un mes m\u00e1s tarde, ya se pod\u00eda poner de pie, cosa que Largo Caballero coment\u00f3 que se parec\u00eda a Bibendum Michelin.<\/em><\/p>\n<p><em>El 21 de abril de 1945 al levantarnos notamos una agitaci\u00f3n an\u00f3mala en el campo. Todo el mundo circulaba de un block a otro. Supimos que los SS preparaban la evacuaci\u00f3n del campo ya que est\u00e1bamos a 30km de Berl\u00edn y el ej\u00e9rcito sovi\u00e9tico se acercaba a la capital del Reich. La orden de evacuaci\u00f3n se dio de madrugada. Fuimos agrupados en columnas de 500 detenidos, bajo el mando de un capit\u00e1n SS y guardados por soldados SS cada 10 metros.<\/em><\/p>\n<p><em>Los espa\u00f1oles, antiguos combatientes antifranquistas, aprovechamos la ocasi\u00f3n para reagruparnos en la misma columna para poder suportar mejor aquella \u00faltima prueba.<\/em><\/p>\n<p><em>Yo fui a la enfermer\u00eda para pedir a Largo Caballero si quer\u00eda unirse a nosotros, me lo agradeci\u00f3 y me dijo que \u00e9l marchar\u00eda con los m\u00e9dicos; para ellos hab\u00eda camiones y as\u00ed le resultar\u00eda m\u00e1s c\u00f3modo a sus 70 a\u00f1os. Entonces marchamos sin \u00e9l. M\u00e1s tarde nos dijeron que no encontr\u00f3 plaza en los camiones y que se incorpor\u00f3 a la \u00faltima columna. Los SS que dirig\u00edan la columna al escuchar el Ej\u00e9rcito Rojo que se aproximaba ten\u00edan prisa en huir i no ser apresados por los rusos. Su impaciencia creciente se transform\u00f3 pronto en furor y los \u00faltimos de la columna los escuchaban gritar Schnell! Schenell!, Los! (r\u00e1pido, r\u00e1pido, adelante). A un soldado que le reclamaba que acelerara el paso, Largo Caballero le dijo qui\u00e9n era y el SS le respondi\u00f3 con una gran patada que lo hizo caer al suelo.<\/em><\/p>\n<p><em>Este episodio pas\u00f3 a la salida del campo y el SS lo dej\u00f3 solo tirado al suelo. Tan pronto como recobr\u00f3 el \u00e1nimo, regres\u00f3 al campo y se reintegr\u00f3 a su lugar en la Revier. No sab\u00eda que despu\u00e9s de la evacuaci\u00f3n estaba previsto destruir aquel testigo de la miseria f\u00edsica de tantos deportados. Por suerte el r\u00e1pido avance de las fuerzas sovi\u00e9ticas les impidi\u00f3 la destrucci\u00f3n.<\/em><\/p>\n<p><em>El 22 de abril de 1945 el campo fue liberado por el ej\u00e9rcito sovi\u00e9tico. Los liberadores estaban dirigidos por un polaco, antiguo Brigadista Internacional en Madrid. Cuando supo que Largo Caballero estaba en el campo qued\u00f3 sorprendido y lo comunic\u00f3 a su jefe de estado mayor. Decidieron entonces evacuarlo a Mosc\u00fa, en avi\u00f3n, para cuidarlo en un hospital. Cuando estuvo restablecido lo enviaron a Par\u00eds.<\/em><\/p>\n<p><em>En nuestras visites dominicales a los camaradas del Revier discut\u00edamos la situaci\u00f3n militar en las proximidades del campo, ya que los civiles alemanes que trabajaban en las f\u00e1bricas nos daban informaciones que recib\u00edan de los comunicados de radio, y nosotros cre\u00edamos que ser\u00edamos liberados en una semana por el Ej\u00e9rcito Rojo. Pero Largo Caballero era pesimista e inquieto, ya que habr\u00eda preferido esperar ocho d\u00edas m\u00e1s y ser liberado por los americanos. En esta situaci\u00f3n la falta de suministros en la cocina no habr\u00eda permitido alimentar a todos los enfermos del Revier y ocasionado muertes suplementarias. (&#8230;)<\/em><\/p>\n<p style=\"text-align: right;\"><em>Jos\u00e9 Carabasa. Matr\u00edcula 58530<\/em><\/p>\n<p><strong>Testimonio de la liberaci\u00f3n de Saschenhausen<\/strong><\/p>\n<p>Largo Caballero daba testimonio de su liberaci\u00f3n en su libro <em>Mis recuerdos<\/em>, editado en M\u00e9xico DF por Ediciones Unidas en 1976.<\/p>\n<p><em>Con el cuerpo dolorido me levant\u00e9 al d\u00eda siguiente temprano. Quer\u00eda ver el campo despu\u00e9s de la evacuaci\u00f3n. Lo primero que observ\u00e9 fue que no hab\u00eda guardia; los centinelas hab\u00edan desaparecido. \u00a1\u00c9ramos libres! Gritaba en mis adentros. Entr\u00e9 en las oficinas de los SS donde estaba todo desordenado. Cajones, ficheros, carpetas y papeles tirados por el suelo daban la sensaci\u00f3n de haber estado saqueado por un grupo de bandidos. (\u2026) Averig\u00fc\u00e9 que el personal del hospital, que yo cre\u00eda inocentemente que era mi protector, hab\u00eda marchado a la una de la madrugada. Solo quedaban el m\u00e9dico cirujano franc\u00e9s, el oculista, tambi\u00e9n franc\u00e9s y un paciente belga. Este era todo el personal que hab\u00edan dejado para atender a m\u00e1s de mil enfermos, algunos de ellos muy graves. Pr\u00e1cticamente el Hospital qued\u00f3 abandonado (\u2026).<\/em><\/p>\n<p><em>A las diez de la ma\u00f1ana izaron la bandera con la Cruz Roja (\u2026). A las cuatro y veinte de la tarde entr\u00f3 un oficial ruso y todos los que pudieron andar salieron a recibirle. Le abrazaron y besaron; era el heraldo de la libertad. Visit\u00f3 algunas salas del Hospital y se march\u00f3. Al d\u00eda siguiente, lunes 23 de abril, volvieron los rusos; abrieron los almacenes de los SS en los que hab\u00eda jamones, tocino, pan, vinos, legumbres secas y tabaco y todo fue tomado por los presos, pues los rusos no quer\u00edan nada. Tambi\u00e9n dejaron all\u00ed los alemanes motos y bicicletas, La desbandada hab\u00eda sido precipitada y total.<\/em><\/p>\n<p><em>El martes d\u00eda 24, sal\u00ed del campo y llegu\u00e9 hasta la carretera de Berl\u00edn; nadie impidi\u00f3 que me marchase, pero como no pod\u00eda andar y nadie me entend\u00eda ni yo comprend\u00eda el alem\u00e1n, ni sab\u00eda a d\u00f3nde dirigirme, decid\u00ed quedarme y esperar los acontecimientos. Por la tarde entraron los oficiales polacos; hablaron con sus compatriotas y al enterarse de que yo estaba all\u00ed, me hicieron salir de la barraca y me saludaron afectuosamente. Dos de ellos hablaban franc\u00e9s mejor que yo y nos entendimos; (\u2026) Pasaron dos horas y llegaron otros oficiales polacos que iban directamente a verme. Conversamos en franc\u00e9s y me preguntaron cu\u00e1ndo pensaba salir de all\u00ed. Les contest\u00e9 que no lo sab\u00eda y entonces uno de los oficiales me dijo que iba a hablar con el General en Jefe para enterarse si estaba dispuesto a ponerme en libertad. Al poco rato volvi\u00f3 para comunicarme que el General hab\u00eda dado orden de que me sacaran del campo inmediatamente.<\/em><\/p>\n","protected":false},"featured_media":0,"template":"","class_list":["post-265","testimonis","type-testimonis","status-publish","hentry"],"acf":[],"_links":{"self":[{"href":"https:\/\/projectesachsenhausen.amical-mauthausen.org\/es\/wp-json\/wp\/v2\/testimonis\/265","targetHints":{"allow":["GET"]}}],"collection":[{"href":"https:\/\/projectesachsenhausen.amical-mauthausen.org\/es\/wp-json\/wp\/v2\/testimonis"}],"about":[{"href":"https:\/\/projectesachsenhausen.amical-mauthausen.org\/es\/wp-json\/wp\/v2\/types\/testimonis"}],"wp:attachment":[{"href":"https:\/\/projectesachsenhausen.amical-mauthausen.org\/es\/wp-json\/wp\/v2\/media?parent=265"}],"curies":[{"name":"wp","href":"https:\/\/api.w.org\/{rel}","templated":true}]}}